{"id":311,"date":"2016-11-13T10:35:20","date_gmt":"2016-11-13T10:35:20","guid":{"rendered":"http:\/\/veneziela-naydenova.com\/?page_id=311"},"modified":"2023-05-16T17:04:47","modified_gmt":"2023-05-16T16:04:47","slug":"club-opera","status":"publish","type":"page","link":"http:\/\/veneziela-naydenova.com\/?page_id=311","title":{"rendered":"CLUB OPERA"},"content":{"rendered":"<p>En automne 2016, Veneziela Naydenova, la nouvelle responsable de la section <em>Musique <\/em>de<em> Lyceum club de Neuch\u00e2tel<\/em>, a offert la cr\u00e9ation d\u2019un <strong>Club \u00ab\u00a0Op\u00e9ra\u00a0\u00bb. <\/strong>Vu l\u2019int\u00e9r\u00eat de plusieurs lyc\u00e9ennes, la nouvelle activit\u00e9 Club \u00ab\u00a0Op\u00e9ra\u00a0\u00bb a vu le jour. Les r\u00e9unions du Club: le mardi soir dans la salle de <em>Lyceum club de Neuch\u00e2tel<\/em>. Les r\u00e9unions et les voyages sont ouverts au public.<\/p>\n<p>Pour cette premi\u00e8re ann\u00e9e, Veneziela Naydenova vous propose le th\u00e8me<br \/>\n<strong><em>Savons-nous tout sur les op\u00e9ras de W. A. MOZART\u00a0? <\/em><\/strong><br \/>\nConf\u00e9rences et discussions, visites de spectacles et visionnement de DVD pour comprendre et (re)d\u00e9couvrir le th\u00e9\u00e2tre musical de Mozart au travers d\u2019une pr\u00e9sentation et analyse dramaturgique avec des extraits audio et vid\u00e9o. Les r\u00e9unions au local du club se feront les quatre mardis suivants \u00e0 19h.<br \/>\n\u2013 22 novembre 2016 <strong><em>Le Nozze di Figaro<\/em><\/strong><br \/>\n\u2013 17 janvier 2017 <strong><em>Die Zauberfl\u00f6te<\/em><\/strong><br \/>\n\u2013 21 f\u00e9vrier 2017 <strong><em>Don Giovanni<\/em><\/strong><br \/>\n\u2013 18 avril 2017 <strong><em>Cosi fan tutte<\/em><\/strong><br \/>\nLes visites de spectacles d\u2019op\u00e9ra seront discuter pendant les r\u00e9unions. Les personnes int\u00e9ress\u00e9es par des visites sont pri\u00e9es \u00e0 venir avec leur agenda. Veneziela Naydenova ach\u00e8tera des billets selon vos d\u00e9sirs.<br \/>\nLes r\u00e9unions et les voyages sont ouverts au public.<\/p>\n<p>____________________________<\/p>\n<p>L&rsquo;ann\u00e9e 2017|2018 est d\u00e9di\u00e9e \u00e0 <strong>Giuseppe VERDI<\/strong> (1813-1901)<br \/>\n\u2013 Mardi 12 septembre 2017, 19h, Verdi (I) <strong><em>La traviata<\/em><\/strong><br \/>\n\u2013 Mardi 14 novembre 2017, 19h, Verdi (II) <strong><em>Rigoletto<\/em><\/strong><br \/>\n\u2013 Mardi 16 janvier 2018, 19h, Verdi (III) <strong><em>Verdi et <\/em><span class=\"st\"><em>Shakespeare<\/em><\/span><\/strong><br \/>\n\u2013 Mardi 20 f\u00e9vrier 2018, 19h, Verdi (IV) <strong><em>Simon Boccanegra<\/em><\/strong><br \/>\nSortie: 10 juin 2018, 15h, spectacle de l&rsquo;op\u00e9ra <em>Simon Boccanegra<\/em> \u00e0 l&rsquo;Op\u00e9ra de Lausanne <a href=\"http:\/\/www.opera-lausanne.ch\/fr\/calendrier\/saison-2017-18\/detail-spectacles\/simon-boccanegra.html\">lien<\/a><\/p>\n<p>L&rsquo;ann\u00e9e 2018|2019 est d\u00e9di\u00e9e au <strong>Th\u00e9\u00e2tre musical du XXe si\u00e8cle<\/strong>:<br \/>\n\u2013 Mardi 30 octobre 2018, <em><strong>Pell\u00e9as et M\u00e9lisande <\/strong><\/em>(Claude Debussy)<br \/>\n\u2013 Mardi 27 novembre 2018, <strong><em>Wozzeck <\/em><\/strong>(Alban Berg)<br \/>\n\u2013 Mardi 29 janvier 2019, <strong><em>Le Grand Macabre <\/em><\/strong>(Gy\u00f6rgy Ligeti)<br \/>\n\u2013 Mardi 26 mars 2019, <strong><em>L&rsquo;\u00c9cume\u00a0<\/em><em>des jours <\/em><\/strong>(Edison Denisov)<br \/>\nSortie : 24.02.2019, 14h, Opernhaus Z\u00fcrich, <em>Le Grand Macabre<\/em> de Ligeti.<\/p>\n<p><strong>L&rsquo;ann\u00e9e 2019|2020<\/strong>,\u00a0<em>Op\u00e9ra fran\u00e7ais I<\/em>.<br \/>\nMA 3 d\u00e9cembre 2019 (Offenbach)<br \/>\nMA 14 janvier 2020 (Bizet)<br \/>\nMA 11 f\u00e9vrier 2020 (Meyerbeer)<br \/>\nMA 23 juin 2020 (Messiaen) annul\u00e9<\/p>\n<p><strong>L&rsquo;ann\u00e9e 2021-2022<\/strong>, <em>Op\u00e9ra fran\u00e7ais II<\/em><br \/>\nMA 7 d\u00e9cembre 2021, \u00a0Conf\u00e9rence: L\u2019orientalisme fran\u00e7ais<br \/>\n<span style=\"font-size: 1.1rem;\">Sortie:\u00a012 d\u00e9cembre 2021 au\u00a0Grand Th\u00e9\u00e2tre de Gen\u00e8ve,\u00a0<\/span><strong><em>Les P\u00eacheurs de perles <\/em><\/strong>(Georges Bizet)<\/p>\n<p><strong>L&rsquo;ann\u00e9e 2022|2023<\/strong><br \/>\n<strong><em>Guillaume Tell\u00a0<\/em><\/strong>(Gioacchino Rossini)<br \/>\nMA\u00a06 d\u00e9cembre 2022, 19h30, conf\u00e9rence<br \/>\nSortie: 11 d\u00e9cembre 2022, Stadttheater, Bern.<\/p>\n<p><strong><em>Davel <\/em><\/strong>(Christian Favre)<br \/>\nMA 24 janvier 2023, 19h30, conf\u00e9rence<br \/>\nSortie: 29 janvier 2023\u00a0\u00e0 l\u2019Op\u00e9ra de Lausanne,<br \/>\nCr\u00e9ation mondiale de l&rsquo;op\u00e9ra <em>Davel,\u00a0<\/em>Musique de Christian Favre,\u00a0Livret de Ren\u00e9 Zahnd.<\/p>\n<p><span style=\"font-size: 1.1rem;\"><em><strong>Lessons in Love and Violence<\/strong><\/em> (George<\/span>\u00a0Benjamin)<br \/>\nMA 6 juin 2023, conf\u00e9rence<br \/>\nSortie : 11.06.2023, 14h, Opernhaus Z\u00fcrich, Cr\u00e9ation suisse\u00a0de\u00a0<em><span style=\"font-size: 1.1rem;\">Lessons in Love and Violence<\/span><\/em><strong>.<\/strong><\/p>\n<p>Si vous \u00eates int\u00e9ress\u00e9es, vous \u00eates pri\u00e9es de prendre contact par <a href=\"v.naydenova@bluewin.ch\">mail<\/a><\/p>\n","protected":false},"excerpt":{"rendered":"<p>En automne 2016, Veneziela Naydenova, la nouvelle responsable de la section Musique de Lyceum club de Neuch\u00e2tel, a offert la cr\u00e9ation d\u2019un Club \u00ab\u00a0Op\u00e9ra\u00a0\u00bb. Vu l\u2019int\u00e9r\u00eat de plusieurs lyc\u00e9ennes, la nouvelle activit\u00e9 Club \u00ab\u00a0Op\u00e9ra\u00a0\u00bb a vu le jour. Les r\u00e9unions du Club: le mardi soir dans la salle de Lyceum club de Neuch\u00e2tel. Les r\u00e9unions&hellip;<a href=\"http:\/\/veneziela-naydenova.com\/?page_id=311\" class=\"more-link\">Continue reading <span class=\"screen-reader-text\">CLUB OPERA<\/span><\/a><\/p>\n","protected":false},"author":1,"featured_media":0,"parent":159,"menu_order":0,"comment_status":"closed","ping_status":"closed","template":"","meta":{"jetpack_post_was_ever_published":false,"footnotes":""},"class_list":["post-311","page","type-page","status-publish","hentry"],"jetpack_sharing_enabled":true,"jetpack_shortlink":"https:\/\/wp.me\/P9rIUe-51","_links":{"self":[{"href":"http:\/\/veneziela-naydenova.com\/index.php?rest_route=\/wp\/v2\/pages\/311","targetHints":{"allow":["GET"]}}],"collection":[{"href":"http:\/\/veneziela-naydenova.com\/index.php?rest_route=\/wp\/v2\/pages"}],"about":[{"href":"http:\/\/veneziela-naydenova.com\/index.php?rest_route=\/wp\/v2\/types\/page"}],"author":[{"embeddable":true,"href":"http:\/\/veneziela-naydenova.com\/index.php?rest_route=\/wp\/v2\/users\/1"}],"replies":[{"embeddable":true,"href":"http:\/\/veneziela-naydenova.com\/index.php?rest_route=%2Fwp%2Fv2%2Fcomments&post=311"}],"version-history":[{"count":29,"href":"http:\/\/veneziela-naydenova.com\/index.php?rest_route=\/wp\/v2\/pages\/311\/revisions"}],"predecessor-version":[{"id":1913,"href":"http:\/\/veneziela-naydenova.com\/index.php?rest_route=\/wp\/v2\/pages\/311\/revisions\/1913"}],"up":[{"embeddable":true,"href":"http:\/\/veneziela-naydenova.com\/index.php?rest_route=\/wp\/v2\/pages\/159"}],"wp:attachment":[{"href":"http:\/\/veneziela-naydenova.com\/index.php?rest_route=%2Fwp%2Fv2%2Fmedia&parent=311"}],"curies":[{"name":"wp","href":"https:\/\/api.w.org\/{rel}","templated":true}]}}